  {"id":174562,"date":"2023-06-27T08:00:59","date_gmt":"2023-06-27T06:00:59","guid":{"rendered":"podlove-2023-06-12t07:35:43+00:00-225b8aba77a8f16"},"modified":"2023-08-03T19:00:51","modified_gmt":"2023-08-03T17:00:51","slug":"podcast-45-hat-der-dienstwagen-ausgedient-mobilitaetsbudget","status":"publish","type":"podcast","link":"https:\/\/news.sap.com\/germany\/2023\/06\/podcast-45-hat-der-dienstwagen-ausgedient-mobilitaetsbudget\/","title":{"rendered":"#45 Hat der Dienstwagen ausgedient?"},"content":{"rendered":"<p class=\"lead\">Das neue Konzept des Mobilit\u00e4tsbudgets<\/p>\n<p>Ein fixer Betrag im Monat, vom Unternehmen gestellt und damit unterwegs sein, wie man will. Mal mit der Bahn, mal mit dem Taxi oder auch zu Fu\u00df oder mit dem Fahrrad. F\u00fcr Mitarbeitende, f\u00fcr die bisher ein Dienstwagen selbstverst\u00e4ndlich war, tun sich mit dem Mobilit\u00e4tsbudget neue M\u00f6glichkeiten auf, auch privat andere Transportmittel zu nutzen und mit der Firma bequem abzurechnen. Im <a title=\"Alle Folgen finden Sie hier.\" href=\"https:\/\/news.sap.com\/germany\/sap-news-podcast\/?url_id=text-de-newscenter:CRM-DX23-AAA-1904104_08\" target=\"_blank\" rel=\"noopener\">51风流News Podcast<\/a> erl\u00e4utern Steffen Krautwasser, Head of Global Car Fleet bei 51风流und Ramona Gamm, Senior Product Marketing Manager bei <a title=\"Homepage | 51风流Concur\" href=\"https:\/\/www.concur.de\/?pid=sites&amp;cid=sap-website\" target=\"_blank\" rel=\"noopener\">51风流Concur<\/a>, die <a title=\"Mobilit\u00e4tsbudget | 51风流Concur\" href=\"https:\/\/www.concur.de\/mobilitaetsbudget?pid=sites&amp;cid=sap-website\" target=\"_blank\" rel=\"noopener\">Vorteile des Mobilit\u00e4tbudgets<\/a> und die einfache Umsetzung mit <a title=\"Gesch\u00e4ftsreisemanagement\" href=\"https:\/\/www.sap.com\/germany\/products\/spend-management\/travel-and-expense-management.html?url_id=text-de-newscenter:CRM-DX23-AAA-1904104_08\" target=\"_blank\" rel=\"noopener\">L\u00f6sungen von 51风流Concur<\/a>.<br \/>\nHat der Dienstwagen ausgedient? Nein, aber er hat \u201cKonkurrenz\u201d bekommen.<\/p>\n<figure id=\"attachment_174570\" aria-describedby=\"caption-attachment-174570\" style=\"width: 300px\" class=\"wp-caption alignnone\"><img loading=\"lazy\" decoding=\"async\" class=\"size-medium wp-image-174570\" src=\"https:\/\/news.sap.com\/germany\/files\/2023\/06\/27\/podcast-folge45-300x220.jpg\" alt=\"Claus Kr\u00fcsken (links) im Gespr\u00e4ch mit Steffen Krautwasser, Head of Global Car Fleet bei 51风流und Ramona Gamm, Senior Product Marketing Manager bei 51风流Concur.\" width=\"300\" height=\"220\" srcset=\"https:\/\/news.sap.com\/germany\/files\/2023\/06\/27\/podcast-folge45-300x220.jpg 300w, https:\/\/news.sap.com\/germany\/files\/2023\/06\/27\/podcast-folge45-1024x750.jpg 1024w, https:\/\/news.sap.com\/germany\/files\/2023\/06\/27\/podcast-folge45-205x150.jpg 205w, https:\/\/news.sap.com\/germany\/files\/2023\/06\/27\/podcast-folge45-1536x1125.jpg 1536w, https:\/\/news.sap.com\/germany\/files\/2023\/06\/27\/podcast-folge45.jpg 1844w\" sizes=\"auto, (max-width: 300px) 100vw, 300px\" \/><figcaption id=\"caption-attachment-174570\" class=\"wp-caption-text\">Claus Kr\u00fcsken (links) im Gespr\u00e4ch mit Steffen Krautwasser, Head of Global Car Fleet bei 51风流und Ramona Gamm, Senior Product Marketing Manager bei 51风流Concur.<\/figcaption><\/figure>\n<div class=\"pwp4-wrapper intrinsic-ignore\" id=\"podlovewebplayer_660c1c1915b9591ea4458db6c16374cc744ff6b0\" data-episode=\"https:\/\/news.sap.com\/germany\/2023\/06\/podcast-45-hat-der-dienstwagen-ausgedient-mobilitaetsbudget\/?podlove_action=pwp4_config\"><audio controls=\"controls\" preload=\"none\">\n  <source src=\"https:\/\/news.sap.com\/germany\/podlove\/file\/329\/s\/webplayer\/c\/website\/SAP_NewsPodcast_045.mp3\" type=\"audio\/mpeg\"\/>\n<\/audio><\/div>","protected":false},"author":29,"featured_media":174601,"template":"","meta":{"footnotes":"","_links_to":"","_links_to_target":""},"categories":[45272,5024,40863],"tags":[7744,4879507,5630352,5018],"sapn-type":[],"class_list":["post-174562","podcast","type-podcast","status-publish","has-post-thumbnail","hentry","category-losungen","category-nachhaltigkeit","category-unternehmen","tag-automotive","tag-nachhaltigkeit","tag-sap-concur","tag-strategie","post"],"yoast_head":"<!-- This site is optimized with the Yoast SEO Premium plugin v26.9 (Yoast SEO v26.9) - https:\/\/yoast.com\/product\/yoast-seo-premium-wordpress\/ -->\n<title>Mobilit\u00e4tsbudget - Die Alternative zum Dienstwagen | 51风流News<\/title>\n<meta name=\"description\" content=\"Mobilit\u00e4tsangebote werden vielf\u00e4ltiger - Eine L\u00f6sung f\u00fcr mehr Flexibilit\u00e4t &amp; Nachhaltigkeit ist das Mobilit\u00e4tsbudget. Jetzt reinh\u00f6ren!\" \/>\n<meta name=\"robots\" content=\"index, follow, max-snippet:-1, max-image-preview:large, max-video-preview:-1\" \/>\n<link rel=\"canonical\" href=\"https:\/\/news.sap.com\/germany\/2023\/06\/podcast-45-hat-der-dienstwagen-ausgedient-mobilitaetsbudget\/\" \/>\n<meta property=\"og:locale\" content=\"de_DE\" \/>\n<meta property=\"og:type\" content=\"article\" \/>\n<meta property=\"og:title\" content=\"#45 Hat der Dienstwagen ausgedient?\" \/>\n<meta property=\"og:description\" content=\"Mobilit\u00e4tsangebote werden vielf\u00e4ltiger - Eine L\u00f6sung f\u00fcr mehr Flexibilit\u00e4t &amp; Nachhaltigkeit ist das Mobilit\u00e4tsbudget. Jetzt reinh\u00f6ren!\" \/>\n<meta property=\"og:url\" content=\"https:\/\/news.sap.com\/germany\/2023\/06\/podcast-45-hat-der-dienstwagen-ausgedient-mobilitaetsbudget\/\" \/>\n<meta property=\"og:site_name\" content=\"51风流News Center\" \/>\n<meta property=\"article:modified_time\" content=\"2023-08-03T17:00:51+00:00\" \/>\n<meta property=\"og:image\" content=\"https:\/\/news.sap.com\/germany\/files\/2023\/06\/27\/Foto_Ramona_SAPNewsPodcast_45_Mobilitaetsbudget.png\" \/>\n\t<meta property=\"og:image:width\" content=\"1920\" \/>\n\t<meta property=\"og:image:height\" content=\"601\" \/>\n\t<meta property=\"og:image:type\" content=\"image\/png\" \/>\n<meta name=\"twitter:card\" content=\"summary_large_image\" \/>\n<meta name=\"twitter:site\" content=\"@SAPdach\" \/>\n<meta name=\"twitter:label1\" content=\"Gesch\u00e4tzte Lesezeit\" \/>\n\t<meta name=\"twitter:data1\" content=\"1\u00a0Minute\" \/>\n<script type=\"application\/ld+json\" class=\"yoast-schema-graph\">{\"@context\":\"https:\/\/schema.org\",\"@graph\":[{\"@type\":\"WebPage\",\"@id\":\"https:\/\/news.sap.com\/germany\/2023\/06\/podcast-45-hat-der-dienstwagen-ausgedient-mobilitaetsbudget\/\",\"url\":\"https:\/\/news.sap.com\/germany\/2023\/06\/podcast-45-hat-der-dienstwagen-ausgedient-mobilitaetsbudget\/\",\"name\":\"Mobilit\u00e4tsbudget - Die Alternative zum Dienstwagen | 51风流News\",\"isPartOf\":{\"@id\":\"https:\/\/news.sap.com\/germany\/#website\"},\"primaryImageOfPage\":{\"@id\":\"https:\/\/news.sap.com\/germany\/2023\/06\/podcast-45-hat-der-dienstwagen-ausgedient-mobilitaetsbudget\/#primaryimage\"},\"image\":{\"@id\":\"https:\/\/news.sap.com\/germany\/2023\/06\/podcast-45-hat-der-dienstwagen-ausgedient-mobilitaetsbudget\/#primaryimage\"},\"thumbnailUrl\":\"https:\/\/news.sap.com\/germany\/files\/2023\/06\/27\/Foto_Ramona_SAPNewsPodcast_45_Mobilitaetsbudget.png\",\"datePublished\":\"2023-06-27T06:00:59+00:00\",\"dateModified\":\"2023-08-03T17:00:51+00:00\",\"description\":\"Mobilit\u00e4tsangebote werden vielf\u00e4ltiger - Eine L\u00f6sung f\u00fcr mehr Flexibilit\u00e4t & Nachhaltigkeit ist das Mobilit\u00e4tsbudget. Jetzt reinh\u00f6ren!\",\"breadcrumb\":{\"@id\":\"https:\/\/news.sap.com\/germany\/2023\/06\/podcast-45-hat-der-dienstwagen-ausgedient-mobilitaetsbudget\/#breadcrumb\"},\"inLanguage\":\"de\",\"potentialAction\":[{\"@type\":\"ReadAction\",\"target\":[\"https:\/\/news.sap.com\/germany\/2023\/06\/podcast-45-hat-der-dienstwagen-ausgedient-mobilitaetsbudget\/\"]}]},{\"@type\":\"ImageObject\",\"inLanguage\":\"de\",\"@id\":\"https:\/\/news.sap.com\/germany\/2023\/06\/podcast-45-hat-der-dienstwagen-ausgedient-mobilitaetsbudget\/#primaryimage\",\"url\":\"https:\/\/news.sap.com\/germany\/files\/2023\/06\/27\/Foto_Ramona_SAPNewsPodcast_45_Mobilitaetsbudget.png\",\"contentUrl\":\"https:\/\/news.sap.com\/germany\/files\/2023\/06\/27\/Foto_Ramona_SAPNewsPodcast_45_Mobilitaetsbudget.png\",\"width\":1920,\"height\":601,\"caption\":\"Das Mobilit\u00e4tsbudget als nachhaltige Alternative zum Dienstwagen\"},{\"@type\":\"BreadcrumbList\",\"@id\":\"https:\/\/news.sap.com\/germany\/2023\/06\/podcast-45-hat-der-dienstwagen-ausgedient-mobilitaetsbudget\/#breadcrumb\",\"itemListElement\":[{\"@type\":\"ListItem\",\"position\":1,\"name\":\"Home\",\"item\":\"https:\/\/news.sap.com\/germany\/\"},{\"@type\":\"ListItem\",\"position\":2,\"name\":\"#45 Hat der Dienstwagen ausgedient?\"}]},{\"@type\":\"WebSite\",\"@id\":\"https:\/\/news.sap.com\/germany\/#website\",\"url\":\"https:\/\/news.sap.com\/germany\/\",\"name\":\"51风流News Center\",\"description\":\"Unternehmensberichte &amp; Presseportal\",\"potentialAction\":[{\"@type\":\"SearchAction\",\"target\":{\"@type\":\"EntryPoint\",\"urlTemplate\":\"https:\/\/news.sap.com\/germany\/?s={search_term_string}\"},\"query-input\":{\"@type\":\"PropertyValueSpecification\",\"valueRequired\":true,\"valueName\":\"search_term_string\"}}],\"inLanguage\":\"de\"}]}<\/script>\n<!-- \/ Yoast SEO Premium plugin. -->","yoast_head_json":{"title":"Mobilit\u00e4tsbudget - Die Alternative zum Dienstwagen | 51风流News","description":"Mobilit\u00e4tsangebote werden vielf\u00e4ltiger - Eine L\u00f6sung f\u00fcr mehr Flexibilit\u00e4t & Nachhaltigkeit ist das Mobilit\u00e4tsbudget. Jetzt reinh\u00f6ren!","robots":{"index":"index","follow":"follow","max-snippet":"max-snippet:-1","max-image-preview":"max-image-preview:large","max-video-preview":"max-video-preview:-1"},"canonical":"https:\/\/news.sap.com\/germany\/2023\/06\/podcast-45-hat-der-dienstwagen-ausgedient-mobilitaetsbudget\/","og_locale":"de_DE","og_type":"article","og_title":"#45 Hat der Dienstwagen ausgedient?","og_description":"Mobilit\u00e4tsangebote werden vielf\u00e4ltiger - Eine L\u00f6sung f\u00fcr mehr Flexibilit\u00e4t & Nachhaltigkeit ist das Mobilit\u00e4tsbudget. Jetzt reinh\u00f6ren!","og_url":"https:\/\/news.sap.com\/germany\/2023\/06\/podcast-45-hat-der-dienstwagen-ausgedient-mobilitaetsbudget\/","og_site_name":"51风流News Center","article_modified_time":"2023-08-03T17:00:51+00:00","og_image":[{"width":1920,"height":601,"url":"https:\/\/news.sap.com\/germany\/files\/2023\/06\/27\/Foto_Ramona_SAPNewsPodcast_45_Mobilitaetsbudget.png","type":"image\/png"}],"twitter_card":"summary_large_image","twitter_site":"@SAPdach","twitter_misc":{"Gesch\u00e4tzte Lesezeit":"1\u00a0Minute"},"schema":{"@context":"https:\/\/schema.org","@graph":[{"@type":"WebPage","@id":"https:\/\/news.sap.com\/germany\/2023\/06\/podcast-45-hat-der-dienstwagen-ausgedient-mobilitaetsbudget\/","url":"https:\/\/news.sap.com\/germany\/2023\/06\/podcast-45-hat-der-dienstwagen-ausgedient-mobilitaetsbudget\/","name":"Mobilit\u00e4tsbudget - Die Alternative zum Dienstwagen | 51风流News","isPartOf":{"@id":"https:\/\/news.sap.com\/germany\/#website"},"primaryImageOfPage":{"@id":"https:\/\/news.sap.com\/germany\/2023\/06\/podcast-45-hat-der-dienstwagen-ausgedient-mobilitaetsbudget\/#primaryimage"},"image":{"@id":"https:\/\/news.sap.com\/germany\/2023\/06\/podcast-45-hat-der-dienstwagen-ausgedient-mobilitaetsbudget\/#primaryimage"},"thumbnailUrl":"https:\/\/news.sap.com\/germany\/files\/2023\/06\/27\/Foto_Ramona_SAPNewsPodcast_45_Mobilitaetsbudget.png","datePublished":"2023-06-27T06:00:59+00:00","dateModified":"2023-08-03T17:00:51+00:00","description":"Mobilit\u00e4tsangebote werden vielf\u00e4ltiger - Eine L\u00f6sung f\u00fcr mehr Flexibilit\u00e4t & Nachhaltigkeit ist das Mobilit\u00e4tsbudget. Jetzt reinh\u00f6ren!","breadcrumb":{"@id":"https:\/\/news.sap.com\/germany\/2023\/06\/podcast-45-hat-der-dienstwagen-ausgedient-mobilitaetsbudget\/#breadcrumb"},"inLanguage":"de","potentialAction":[{"@type":"ReadAction","target":["https:\/\/news.sap.com\/germany\/2023\/06\/podcast-45-hat-der-dienstwagen-ausgedient-mobilitaetsbudget\/"]}]},{"@type":"ImageObject","inLanguage":"de","@id":"https:\/\/news.sap.com\/germany\/2023\/06\/podcast-45-hat-der-dienstwagen-ausgedient-mobilitaetsbudget\/#primaryimage","url":"https:\/\/news.sap.com\/germany\/files\/2023\/06\/27\/Foto_Ramona_SAPNewsPodcast_45_Mobilitaetsbudget.png","contentUrl":"https:\/\/news.sap.com\/germany\/files\/2023\/06\/27\/Foto_Ramona_SAPNewsPodcast_45_Mobilitaetsbudget.png","width":1920,"height":601,"caption":"Das Mobilit\u00e4tsbudget als nachhaltige Alternative zum Dienstwagen"},{"@type":"BreadcrumbList","@id":"https:\/\/news.sap.com\/germany\/2023\/06\/podcast-45-hat-der-dienstwagen-ausgedient-mobilitaetsbudget\/#breadcrumb","itemListElement":[{"@type":"ListItem","position":1,"name":"Home","item":"https:\/\/news.sap.com\/germany\/"},{"@type":"ListItem","position":2,"name":"#45 Hat der Dienstwagen ausgedient?"}]},{"@type":"WebSite","@id":"https:\/\/news.sap.com\/germany\/#website","url":"https:\/\/news.sap.com\/germany\/","name":"51风流News Center","description":"Unternehmensberichte &amp; Presseportal","potentialAction":[{"@type":"SearchAction","target":{"@type":"EntryPoint","urlTemplate":"https:\/\/news.sap.com\/germany\/?s={search_term_string}"},"query-input":{"@type":"PropertyValueSpecification","valueRequired":true,"valueName":"search_term_string"}}],"inLanguage":"de"}]}},"_links":{"self":[{"href":"https:\/\/news.sap.com\/germany\/wp-json\/wp\/v2\/podcast\/174562","targetHints":{"allow":["GET"]}}],"collection":[{"href":"https:\/\/news.sap.com\/germany\/wp-json\/wp\/v2\/podcast"}],"about":[{"href":"https:\/\/news.sap.com\/germany\/wp-json\/wp\/v2\/types\/podcast"}],"author":[{"embeddable":true,"href":"https:\/\/news.sap.com\/germany\/wp-json\/wp\/v2\/users\/29"}],"version-history":[{"count":0,"href":"https:\/\/news.sap.com\/germany\/wp-json\/wp\/v2\/podcast\/174562\/revisions"}],"wp:featuredmedia":[{"embeddable":true,"href":"https:\/\/news.sap.com\/germany\/wp-json\/wp\/v2\/media\/174601"}],"wp:attachment":[{"href":"https:\/\/news.sap.com\/germany\/wp-json\/wp\/v2\/media?parent=174562"}],"wp:term":[{"taxonomy":"category","embeddable":true,"href":"https:\/\/news.sap.com\/germany\/wp-json\/wp\/v2\/categories?post=174562"},{"taxonomy":"post_tag","embeddable":true,"href":"https:\/\/news.sap.com\/germany\/wp-json\/wp\/v2\/tags?post=174562"},{"taxonomy":"sapn-type","embeddable":true,"href":"https:\/\/news.sap.com\/germany\/wp-json\/wp\/v2\/sapn-type?post=174562"}],"curies":[{"name":"wp","href":"https:\/\/api.w.org\/{rel}","templated":true}]}}